{"id":353,"date":"2019-09-08T19:22:14","date_gmt":"2019-09-08T17:22:14","guid":{"rendered":"https:\/\/riehlschule.de\/WP\/?page_id=353"},"modified":"2022-06-08T12:29:22","modified_gmt":"2022-06-08T10:29:22","slug":"berufsorientierung","status":"publish","type":"page","link":"https:\/\/riehlschule.de\/WP\/berufsorientierung\/","title":{"rendered":"\u00dcberblick"},"content":{"rendered":"\n<div class=\"wp-block-cover alignwide is-light\" style=\"min-height:112px;aspect-ratio:unset;\"><span aria-hidden=\"true\" class=\"has-pale-cyan-blue-background-color has-background-dim-100 wp-block-cover__gradient-background has-background-dim\"><\/span><div class=\"wp-block-cover__inner-container is-layout-flow wp-block-cover-is-layout-flow\">\n<p class=\"has-text-align-center has-large-font-size\">Studien- und Berufsorientierung an der Riehlschule<\/p>\n<\/div><\/div>\n\n\n\n<p>Die Wilhelm-Heinrich-von-Riehl-Schule legt einen gro\u00dfen Schwerpunkt auf die berufliche Bildung. Diese Thematik zieht sich wie ein roter Faden durch das schuleigene Curriculum der Klassen 5 bis 10 und findet sowohl in der Schule als auch au\u00dferhalb statt.&nbsp;<\/p>\n\n\n\n<p><strong>Schwerpunkte sind:<\/strong><\/p>\n\n\n\n<ul class=\"wp-block-list\"><li>das Kennenlernen der Berufsfelder, auch im Familien- und Bekanntenkreis<\/li><li>eigene St\u00e4rken und F\u00e4higkeiten kennenlernen, nutzen eigener Talente<\/li><li>lernen, wie man Bewerbungen und Lebensl\u00e4ufe schreibt und wie man sich auf Vorstellungsgespr\u00e4chen vorbereitet <\/li><\/ul>\n\n\n\n<h2 class=\"wp-block-heading\">Curriculare Verankerung<\/h2>\n\n\n\n<ul class=\"wp-block-list\"><li>In dem Fach <strong>Arbeitslehre <\/strong>ab Klasse 7 wird die Wichtigkeit der <strong><em>Berufs- und Studienwahl<\/em><\/strong> nochmals in den Fokus ger\u00fcckt. <\/li><\/ul>\n\n\n\n<ul class=\"wp-block-list\"><li>Zum Start jeden Halbjahres finden an der Schule Methodenwochen statt. Im Methodenwochenkonzept finden sich Schwerpunkte der Berufsorientierung wieder. M\u00f6chten Sie sich \u00fcber die Inhalte des Methodentrainings informieren, dann schauen sie <a href=\"https:\/\/riehlschule.de\/WP\/methodentraining\/\">HIER!<\/a><\/li><\/ul>\n\n\n\n<ul class=\"wp-block-list\"><li>Ebenfalls ab Jahrgang 7 k\u00f6nnen die Sch\u00fcler*innen unserer Schule <strong><em>WPU-Kurse<\/em><\/strong> w\u00e4hlen, die als <strong><em>Schwerpunkt Berufsorientierung<\/em><\/strong> und Vorbereitung auf die weiterf\u00fchrenden Schulen haben. M\u00f6chten Sie mehr dazu erfahren, dann schauen Sie <a rel=\"noreferrer noopener\" href=\"https:\/\/riehlschule.de\/WP\/wahlpflichtunterricht\/\" target=\"_blank\">HIER<\/a>!<\/li><\/ul>\n\n\n\n<ul class=\"wp-block-list\"><li>Doch nicht nur in den WPU-Kursen, auch in den <strong><em>Regelf\u00e4chern<\/em><\/strong> h\u00e4lt die Berufsorientierung in Form von <strong><em>Projekten<\/em><\/strong> (auch w\u00e4hrend der Corona-Lockdownzeit) oder ganzen <strong><em>Unterrichtssequenzen<\/em><\/strong> Einzug. Schauen Sie <a href=\"https:\/\/riehlschule.de\/WP\/projekte-erstellen\/\">HIER<\/a> vorbei!<\/li><\/ul>\n\n\n\n<h2 class=\"wp-block-heading\">Praktika und Kooperationen<\/h2>\n\n\n\n<p>Das Lernen findet aber nicht nur an der Schule statt. Ein sehr gewinnbringender Baustein sind die <strong><em>zahlreichen Praktika<\/em><\/strong>, die die Sch\u00fclerinnen und Sch\u00fcler w\u00e4hrend ihrer Schulzeit durchlaufen.\u00a0Dazu z\u00e4hlen unter anderem der freiwillige <strong><em>Girls&#8217;Day und Boys&#8217;Day<\/em><\/strong>, die <strong><em>Betriebsbesichtigung<\/em><\/strong> bei Huhle, das dreiw\u00f6che Berufspraktikum in der 8. Klasse, das zweiw\u00f6chige Betriebspraktikum in der 9. Klasse und die Teilnahme an &#8220;Du bis BERUFen&#8221; und den Inspiration Days (Europas gr\u00f6\u00dftes digitales Berufsorientierungsevent)<\/p>\n\n\n\n<p>Durch die <strong><em>Kooperation mit unseren Bildungspartnern<\/em><\/strong>, mit der <strong><em>Infraserv<\/em><\/strong> und der <strong><em>Union Investment<\/em><\/strong>, den Kontakt zu Personen aus der Wirtschaft und freiwilligen Helfern ist es uns m\u00f6glich, Experten in die Klassenzimmer zu holen oder sie direkt an ihrem Arbeitsplatz zu besuchen und sie mit allen berufsrelevanten Fragestellungen zu konfrontieren.&nbsp;<\/p>\n\n\n\n<p>Zudem arbeiten wir eng mit der<strong><em> Agentur f\u00fcr Arbeit<\/em><\/strong> und dem <strong><em>BIZ<\/em><\/strong> zusammen. Unsere <strong><em>Berufsberaterin Frau Berke<\/em><\/strong> besucht die Schule regelm\u00e4\u00dfig und f\u00fchrt Klassen-, Gruppen- und Einzelgespr\u00e4che durch.<\/p>\n\n\n\n<p>Das gelungene Konzept der Berufsorientierung an unserer Schule wurde 2010 erstmalig mit dem <strong><em>G\u00fctesiegel OloV <\/em><\/strong>ausgezeichnet und in den Jahren 2014 und 2017 rezertifiziert.<\/p>\n\n\n\n<div style=\"height:100px\" aria-hidden=\"true\" class=\"wp-block-spacer\"><\/div>\n\n\n\n<div class=\"wp-block-image\"><figure class=\"aligncenter size-full\"><img loading=\"lazy\" decoding=\"async\" width=\"247\" height=\"171\" src=\"https:\/\/riehlschule.de\/WP\/wp-content\/uploads\/logo-guetesiegel-1.png\" alt=\"\" class=\"wp-image-1370\" srcset=\"https:\/\/riehlschule.de\/WP\/wp-content\/uploads\/logo-guetesiegel-1.png 247w, https:\/\/riehlschule.de\/WP\/wp-content\/uploads\/logo-guetesiegel-1-150x104.png 150w\" sizes=\"auto, (max-width: 247px) 100vw, 247px\" \/><\/figure><\/div>\n\n\n\n<div style=\"height:100px\" aria-hidden=\"true\" class=\"wp-block-spacer\"><\/div>\n\n\n\n<h2 class=\"wp-block-heading\">Warum soll ich zur Berufsberatung gehen?<\/h2>\n\n\n\n<ul class=\"wp-block-list\"><li>weil ich noch gar nicht wei\u00df, was ich nach der Schule machen m\u00f6chte<\/li><li>weil ich einen festen Berufswunsch habe, aber nicht wei\u00df, wie ich an Adressen von Arbeitgebern komme<\/li><li>weil ich eine weiterf\u00fchrende Schule besuchen m\u00f6chte und nicht wei\u00df, welche und wie ich mich anmelden muss<\/li><li>weil ich Hilfe bei der Erstellung meiner Bewerbungsunterlage ben\u00f6tige<\/li><\/ul>\n\n\n\n<p><strong>Weitere Informationsm\u00f6glichkeiten:<\/strong><\/p>\n\n\n\n<p><a href=\"http:\/\/planet-beruf.de\/\">www.planet-beruf.de<\/a><\/p>\n\n\n\n<p><a href=\"http:\/\/www.arbeitsagentur.de\/\">www.berufenet.arbeitsagentur.de<\/a><\/p>\n\n\n\n<p><a href=\"http:\/\/www.berufe.tv\/\">http:\/\/www.berufe.tv<\/a><\/p>\n\n\n\n<p><a href=\"http:\/\/www.jobboerse.arbeitsagentur.de\/\">www.jobboerse.arbeitsagentur.de<\/a><\/p>\n\n\n\n<p><a href=\"http:\/\/www.kursnet.arbeitsagentur.de\/\">www.kursnet.arbeitsagentur.de<\/a><\/p>\n\n\n\n<div style=\"height:100px\" aria-hidden=\"true\" class=\"wp-block-spacer\"><\/div>\n\n\n\n<div class=\"wp-block-cover alignwide is-light\" style=\"min-height:116px;aspect-ratio:unset;\"><span aria-hidden=\"true\" class=\"has-pale-cyan-blue-background-color has-background-dim-100 wp-block-cover__gradient-background has-background-dim\"><\/span><div class=\"wp-block-cover__inner-container is-layout-flow wp-block-cover-is-layout-flow\">\n<p class=\"has-text-align-center has-large-font-size\">Bausteine der Berufsberatung<\/p>\n<\/div><\/div>\n\n\n\n<figure class=\"wp-block-image alignwide size-large is-style-default\"><img loading=\"lazy\" decoding=\"async\" width=\"724\" height=\"1024\" src=\"https:\/\/riehlschule.de\/WP\/wp-content\/uploads\/BO-Plakat-Wilhelm-Heinrich-von-Riehl-Schule-1-724x1024.jpg\" alt=\"\" class=\"wp-image-1306\" srcset=\"https:\/\/riehlschule.de\/WP\/wp-content\/uploads\/BO-Plakat-Wilhelm-Heinrich-von-Riehl-Schule-1-724x1024.jpg 724w, https:\/\/riehlschule.de\/WP\/wp-content\/uploads\/BO-Plakat-Wilhelm-Heinrich-von-Riehl-Schule-1-212x300.jpg 212w, https:\/\/riehlschule.de\/WP\/wp-content\/uploads\/BO-Plakat-Wilhelm-Heinrich-von-Riehl-Schule-1-768x1086.jpg 768w, https:\/\/riehlschule.de\/WP\/wp-content\/uploads\/BO-Plakat-Wilhelm-Heinrich-von-Riehl-Schule-1-297x420.jpg 297w, https:\/\/riehlschule.de\/WP\/wp-content\/uploads\/BO-Plakat-Wilhelm-Heinrich-von-Riehl-Schule-1-382x540.jpg 382w, https:\/\/riehlschule.de\/WP\/wp-content\/uploads\/BO-Plakat-Wilhelm-Heinrich-von-Riehl-Schule-1-552x780.jpg 552w, https:\/\/riehlschule.de\/WP\/wp-content\/uploads\/BO-Plakat-Wilhelm-Heinrich-von-Riehl-Schule-1-1087x1536.jpg 1087w, https:\/\/riehlschule.de\/WP\/wp-content\/uploads\/BO-Plakat-Wilhelm-Heinrich-von-Riehl-Schule-1-1449x2048.jpg 1449w, https:\/\/riehlschule.de\/WP\/wp-content\/uploads\/BO-Plakat-Wilhelm-Heinrich-von-Riehl-Schule-1-106x150.jpg 106w, https:\/\/riehlschule.de\/WP\/wp-content\/uploads\/BO-Plakat-Wilhelm-Heinrich-von-Riehl-Schule-1-scaled.jpg 1811w\" sizes=\"auto, (max-width: 724px) 100vw, 724px\" \/><\/figure>\n\n\n\n<div style=\"height:100px\" aria-hidden=\"true\" class=\"wp-block-spacer\"><\/div>\n\n\n\n<div class=\"wp-block-cover alignwide is-light\" style=\"min-height:56px;aspect-ratio:unset;\"><span aria-hidden=\"true\" class=\"has-pale-cyan-blue-background-color has-background-dim-100 wp-block-cover__gradient-background has-background-dim\"><\/span><div class=\"wp-block-cover__inner-container is-layout-flow wp-block-cover-is-layout-flow\">\n<p class=\"has-text-align-center has-large-font-size\">\u00dcbergang an weiterf\u00fchrende Schulen<\/p>\n<\/div><\/div>\n\n\n\n<div style=\"height:36px\" aria-hidden=\"true\" class=\"wp-block-spacer\"><\/div>\n\n\n\n<h2 class=\"wp-block-heading\">\u00dcbergang nach Jahrgang 9<\/h2>\n\n\n\n<p>Der <strong>Jahrgang 9 <\/strong>steht ganz im Zeichen der beruflichen Orientierung und der <strong>zentralen<\/strong> <strong>Hauptschul<\/strong>&#8211;<strong>Abschlusspr\u00fcfungen<\/strong>.<\/p>\n\n\n\n<p>Im Rahmen der Hauptschul-Abschlusspr\u00fcfungen nehmen alle SuS an den <strong>Projektpr\u00fcfungen<\/strong> und den schriftlichen Pr\u00fcfungen in Deutsch, Mathematik und Englisch teil. Im Fachunterricht und den <strong>zus\u00e4tzlichen F\u00f6rderkursen <\/strong>des Kompetenz-Entwicklungs-Programmes werden alle SuS entsprechend ihrer Bedarfslage auf die schriftlichen Arbeiten vorbereitet. Auch im <strong><a href=\"http:\/\/riehlschule.de\/WP\/wahlpflichtunterricht\/\">Wahlpflichtunterricht<\/a><\/strong> k\u00f6nnen unterst\u00fctzende Angebote gew\u00e4hlt werden.<\/p>\n\n\n\n<p>Im Rahmen des Kompetenz-Entwicklungsprogrammes der Schulsozialarbeit erhalten die Sch\u00fclerinnen und Sch\u00fcler des Jahrgangs 9 bedarfsgerechte Angebote zur <strong>beruflichen Orientierung und Qualifizierung<\/strong>. Diese beinhalten <strong><em>Betriebsbesichtigungen<\/em><\/strong>, <strong><em>Grundqualifizierungsma\u00dfnahmen<\/em><\/strong>, die Teilnahme an einem <strong><em>Berufseignungstest<\/em><\/strong>, <strong><em>Bewerbungstraining<\/em><\/strong> mit unseren au\u00dferschulischen Partnern und ein zweiw\u00f6chiges <strong><em>Betriebspraktikum<\/em><\/strong>.<\/p>\n\n\n\n<iframe loading=\"lazy\" width=\"960\" height=\"540\" data-original-width=\"1920\" data-original-height=\"1080\" src=\"https:\/\/www.thinglink.com\/card\/1587866475773820931\" type=\"text\/html\" frameborder=\"0\" webkitallowfullscreen=\"\" mozallowfullscreen=\"\" allowfullscreen=\"\" scrolling=\"no\"><\/iframe><script async=\"\" src=\"\/\/cdn.thinglink.me\/jse\/responsive.js\"><\/script>\n\n\n\n<div style=\"height:40px\" aria-hidden=\"true\" class=\"wp-block-spacer\"><\/div>\n\n\n\n<h2 class=\"wp-block-heading\">\u00dcbergang nach Jahrgang 10<\/h2>\n\n\n\n<p>Auch wenn an unserer Schule nur die Jahrg\u00e4nge 5-10 unterrichtet werden, besteht f\u00fcr unsere Sch\u00fcleri*innen &#8211; entsprechende Eignung vorausgesetzt &#8211; die M\u00f6glichkeit, nach Beendigung der Jahrgangsstufe 10 die <strong>gymnasiale Oberstufe<\/strong> zu besuchen, um dort das Abitur zu erlangen. Ebenso ist es m\u00f6glich, dass <strong>Fachabitur<\/strong> an einer Fachoberschule zu erlangen.<\/p>\n\n\n\n<iframe loading=\"lazy\" width=\"960\" height=\"540\" data-original-width=\"5760\" data-original-height=\"3240\" src=\"https:\/\/www.thinglink.com\/card\/1587033282321580035\" type=\"text\/html\" frameborder=\"0\" webkitallowfullscreen=\"\" mozallowfullscreen=\"\" allowfullscreen=\"\" scrolling=\"no\"><\/iframe><script async=\"\" src=\"\/\/cdn.thinglink.me\/jse\/responsive.js\"><\/script>\n\n\n\n<div style=\"height:100px\" aria-hidden=\"true\" class=\"wp-block-spacer\"><\/div>\n","protected":false},"excerpt":{"rendered":"<p>Die Wilhelm-Heinrich-von-Riehl-Schule legt einen gro\u00dfen Schwerpunkt auf die berufliche Bildung. Diese Thematik zieht sich wie ein roter Faden durch das schuleigene Curriculum der Klassen 5 bis 10 und findet sowohl in der Schule als auch au\u00dferhalb statt.&nbsp; Schwerpunkte sind: das Kennenlernen der Berufsfelder, auch im Familien- und Bekanntenkreis eigene St\u00e4rken und F\u00e4higkeiten kennenlernen, nutzen eigener Talente lernen, wie man Bewerbungen&nbsp;<a href=\"https:\/\/riehlschule.de\/WP\/berufsorientierung\/\">&hellip;<\/a><\/p>\n","protected":false},"author":1,"featured_media":0,"parent":0,"menu_order":0,"comment_status":"closed","ping_status":"closed","template":"","meta":{"footnotes":""},"class_list":["post-353","page","type-page","status-publish","hentry","odd"],"_links":{"self":[{"href":"https:\/\/riehlschule.de\/WP\/wp-json\/wp\/v2\/pages\/353","targetHints":{"allow":["GET"]}}],"collection":[{"href":"https:\/\/riehlschule.de\/WP\/wp-json\/wp\/v2\/pages"}],"about":[{"href":"https:\/\/riehlschule.de\/WP\/wp-json\/wp\/v2\/types\/page"}],"author":[{"embeddable":true,"href":"https:\/\/riehlschule.de\/WP\/wp-json\/wp\/v2\/users\/1"}],"replies":[{"embeddable":true,"href":"https:\/\/riehlschule.de\/WP\/wp-json\/wp\/v2\/comments?post=353"}],"version-history":[{"count":41,"href":"https:\/\/riehlschule.de\/WP\/wp-json\/wp\/v2\/pages\/353\/revisions"}],"predecessor-version":[{"id":1536,"href":"https:\/\/riehlschule.de\/WP\/wp-json\/wp\/v2\/pages\/353\/revisions\/1536"}],"wp:attachment":[{"href":"https:\/\/riehlschule.de\/WP\/wp-json\/wp\/v2\/media?parent=353"}],"curies":[{"name":"wp","href":"https:\/\/api.w.org\/{rel}","templated":true}]}}